{"version":"1.0","provider_name":"ESMONO - Otto Hegnauer&#039;s Schule f\u00fcr Strassenkinder in Haiti","provider_url":"http:\/\/archiv.esmono.ch\/fr","author_name":"Christine Fischer","author_url":"http:\/\/archiv.esmono.ch\/fr\/author\/christine\/","title":"Nach dem \"Locked up\" der \"Lock down\" - ESMONO - Otto Hegnauer&#039;s Schule f\u00fcr Strassenkinder in Haiti","type":"rich","width":600,"height":338,"html":"<blockquote class=\"wp-embedded-content\"><a href=\"http:\/\/archiv.esmono.ch\/fr\/nach-dem-locked-up-der-lock-down\/\">Nach dem \u00ab\u00a0Locked up\u00a0\u00bb der \u00ab\u00a0Lock down\u00a0\u00bb<\/a><\/blockquote>\n<script type='text\/javascript'>\n<!--\/\/--><![CDATA[\/\/><!--\n\t\t\/*! This file is auto-generated *\/\n\t\t!function(d,l){\"use strict\";var e=!1,n=!1;if(l.querySelector)if(d.addEventListener)e=!0;if(d.wp=d.wp||{},!d.wp.receiveEmbedMessage)if(d.wp.receiveEmbedMessage=function(e){var t=e.data;if(t)if(t.secret||t.message||t.value)if(!\/[^a-zA-Z0-9]\/.test(t.secret)){for(var r,i,a,s=l.querySelectorAll('iframe[data-secret=\"'+t.secret+'\"]'),n=l.querySelectorAll('blockquote[data-secret=\"'+t.secret+'\"]'),o=new RegExp(\"^https?:$\",\"i\"),c=0;c<n.length;c++)n[c].style.display=\"none\";for(c=0;c<s.length;c++)if(r=s[c],e.source===r.contentWindow){if(r.removeAttribute(\"style\"),\"height\"===t.message){if(1e3<(a=parseInt(t.value,10)))a=1e3;else if(~~a<200)a=200;r.height=a}if(\"link\"===t.message)if(i=l.createElement(\"a\"),a=l.createElement(\"a\"),i.href=r.getAttribute(\"src\"),a.href=t.value,o.test(a.protocol))if(a.host===i.host)if(l.activeElement===r)d.top.location.href=t.value}}},e)d.addEventListener(\"message\",d.wp.receiveEmbedMessage,!1),l.addEventListener(\"DOMContentLoaded\",t,!1),d.addEventListener(\"load\",t,!1);function t(){if(!n){n=!0;for(var e,t,r=-1!==navigator.appVersion.indexOf(\"MSIE 10\"),i=!!navigator.userAgent.match(\/Trident.*rv:11\\.\/),a=l.querySelectorAll(\"iframe.wp-embedded-content\"),s=0;s<a.length;s++){if(!(e=a[s]).getAttribute(\"data-secret\"))t=Math.random().toString(36).substr(2,10),e.src+=\"#?secret=\"+t,e.setAttribute(\"data-secret\",t);if(r||i)(t=e.cloneNode(!0)).removeAttribute(\"security\"),e.parentNode.replaceChild(t,e)}}}}(window,document);\n\/\/--><!]]>\n<\/script><iframe sandbox=\"allow-scripts\" security=\"restricted\" src=\"http:\/\/archiv.esmono.ch\/fr\/nach-dem-locked-up-der-lock-down\/embed\/\" width=\"600\" height=\"338\" title=\"\u00ab\u00a0Nach dem \u00ab\u00a0Locked up\u00a0\u00bb der \u00ab\u00a0Lock down\u00a0\u00bb\u00a0\u00bb &#8212; ESMONO - Otto Hegnauer&#039;s Schule f\u00fcr Strassenkinder in Haiti\" frameborder=\"0\" marginwidth=\"0\" marginheight=\"0\" scrolling=\"no\" class=\"wp-embedded-content\"><\/iframe>","thumbnail_url":"http:\/\/archiv.esmono.ch\/wp-content\/uploads\/threema-20191024-164836-fc9b36869b2da4da.jpg","thumbnail_width":1080,"thumbnail_height":607,"description":"Wo steht Haiti 10 Jahre nach dem grossen Erdbeben? Im Januar waren&rsquo;s 10 Jahre her, seit dem unvergesslichen Erdbeben 2010 in Haiti, wo alle Welt auf den \u00e4rmsten Staat der westlichen Hemisph\u00e4re geblickt hatte. &nbsp;Viele Medienschaffende, auch hierzulande, haben anfangs Jahr Bilanz gezogen. Es herrschte Einigkeit: Grunds\u00e4tzlich geht es der Bev\u00f6lkerung nicht wirklich besser. Warum? Naturkatastrophen Immer wieder legten kleinere und gr\u00f6ssere Wirbelst\u00fcrme Teile des Landes lahm, oft folgten darauf grosse \u00dcberschwemmungen. Letztmals fegte \u00ab\u00a0IRMA\u00a0\u00bb 2017 \u00fcber den Nordwesten des Landes 2016 w\u00fctete \u00ab\u00a0Matthew\u00a0\u00bb als einer der st\u00e4rksten Wirbelst\u00fcrme der Vergangenheit (lesen Sie dazu die Seiten 30\/31 im Suhr Plus\u00ab\u00a0)."}